{"id":464,"date":"2019-06-07T13:01:58","date_gmt":"2019-06-07T13:01:58","guid":{"rendered":"https:\/\/www.artsmusica.net\/cursos\/?post_type=artsmusica_cursos&#038;p=464"},"modified":"2024-09-12T16:33:04","modified_gmt":"2024-09-12T14:33:04","slug":"8-transicion-del-renacimiento-al-barroco-musical","status":"publish","type":"artsmusica_cursos","link":"https:\/\/www.artsmusica.net\/cursos\/curso\/del-canto-gregoriano-a-bach-una-historia\/8-transicion-del-renacimiento-al-barroco-musical\/","title":{"rendered":"8. Transici\u00f3n del Renacimiento al Barroco musical"},"content":{"rendered":"\n<div style=\"height:42px\" aria-hidden=\"true\" class=\"wp-block-spacer\" data-block-type=\"core\"><\/div>\n\n\n\n<p>La transici\u00f3n del Renacimiento al Barroco estuvo enmarcada por una serie de acontecimientos pol\u00edticos. Se dieron importantes cambios en la monarqu\u00eda y las clases nobles motivados por los conflictos b\u00e9licos, gobiernos autoritarios o centralizados y la gran acumulaci\u00f3n de rentas. <\/p>\n\n\n\n<p>La imagen del monarca se convirti\u00f3 en el s\u00edmbolo de superioridad ante el cual el resto de los nobles ten\u00edan que responder como simples administradores. A esta nueva pol\u00edtica se le llam\u00f3 \u201cabsolutismo\u201d, todo el poder resid\u00eda ahora en el monarca.<\/p>\n\n\n\n<p>Paralelamente al surgimiento del absolutismo se fueron consolidando importantes avances cient\u00edficos. Por ejemplo, Kepler demostr\u00f3 en 1609 que los planetas se mov\u00edan en \u00f3rbitas el\u00edpticas alrededor del Sol, Galileo demostr\u00f3 las leyes del movimiento y con el telescopio vio las manchas solares y lunas de J\u00fapiter, Bacon defendi\u00f3 la actitud emp\u00edrica de la ciencia confiando en la observaci\u00f3n directa, Descartes propuso un enfoque deductivo que explicaba el mundo con las matem\u00e1ticas-l\u00f3gica-razonamiento y Newton propuso la ley de la gravitaci\u00f3n en la d\u00e9cada 1660. Por otro lado, el capitalismo se convirti\u00f3 en el nuevo modelo econ\u00f3mico, se constituyeron las sociedades por acciones y surgieron la \u00f3pera y los conciertos p\u00fablicos.<\/p>\n\n\n<p data-block-type=\"core\"><div class=\"rcp_restricted rcp_paid_only\"><p><!-- wp:paragraph {\"backgroundColor\":\"very-light-gray\"} --><\/p>\n<p class=\"has-background has-very-light-gray-background-color\"><i class=\"fas fa-lock\"> <\/i> Este contenido est\u00e1 \u00fanicamente disponible para los suscriptores. Puedes <a href=\"#login\"> identificarte aqu\u00ed<\/a> , <a href=\"https:\/\/www.artsmusica.net\/cursos\/niveles-de-suscripcion\/\"> suscribirte<\/a> o <a href=\"https:\/\/www.artsmusica.net\/cursos\/registro\/\">actualizar tu nivel de suscripci\u00f3n<\/a>.<\/p>\n<p><!-- \/wp:paragraph --><\/p>\n<\/div><\/p>\n\n\n\n<div style=\"height:75px\" aria-hidden=\"true\" class=\"wp-block-spacer\" data-block-type=\"core\"><\/div>\n\n\n\n<h2 class=\"wp-block-heading has-text-align-center\" data-block-type=\"core\">Lecciones del curso<\/h2>\n\n\n\n<p class=\"indice has-very-light-gray-background-color has-background\"><strong><a href=\"https:\/\/www.artsmusica.net\/cursos\/del-canto-gregoriano-a-bach\/1-el-legado-musical-de-la-antigua-grecia\/\">Lecci\u00f3n 1. El legado musical de la Antigua Grecia<\/a><\/strong><\/p>\n\n\n\n<p class=\"indice has-very-light-gray-background-color has-background\"><strong><a href=\"https:\/\/www.artsmusica.net\/cursos\/del-canto-gregoriano-a-bach\/2-los-origenes-del-canto-gregoriano\/\">Lecci\u00f3n 2. Los or\u00edgenes del canto gregoriano<\/a><\/strong><\/p>\n\n\n\n<p class=\"indice has-very-light-gray-background-color has-background\"><strong><a href=\"https:\/\/www.artsmusica.net\/cursos\/curso\/del-canto-gregoriano-a-bach-una-historia\/3-los-cantos-profanos\/\">Lecci\u00f3n 3. Los cantos profanos<\/a><\/strong><\/p>\n\n\n\n<p class=\"indice has-very-light-gray-background-color has-background\"><strong><a href=\"https:\/\/www.artsmusica.net\/cursos\/curso\/del-canto-gregoriano-a-bach-una-historia\/4-el-surgimiento-de-la-polifonia\/\">Lecci\u00f3n 4. El surgimiento de la polifon\u00eda<\/a><\/strong><\/p>\n\n\n\n<p class=\"indice has-very-light-gray-background-color has-background\"><strong><a href=\"https:\/\/www.artsmusica.net\/cursos\/curso\/del-canto-gregoriano-a-bach-una-historia\/5-la-llegada-del-humanismo\/\">Lecci\u00f3n 5. La llegada del Humanismo<\/a><\/strong><\/p>\n\n\n\n<p class=\"indice has-very-light-gray-background-color has-background\"><strong><a href=\"https:\/\/www.artsmusica.net\/cursos\/curso\/del-canto-gregoriano-a-bach-una-historia\/6-el-estilo-musical-del-siglo-xv\/\">Lecci\u00f3n 6. El estilo musical del siglo XV<\/a><\/strong><\/p>\n\n\n\n<p class=\"indice has-very-light-gray-background-color has-background\"><strong><a href=\"https:\/\/www.artsmusica.net\/cursos\/curso\/del-canto-gregoriano-a-bach-una-historia\/7-la-musica-del-siglo-xvi-de-lo-sacro-a-lo-profano\/\">Lecci\u00f3n 7. La m\u00fasica del siglo XVI: de lo sacro a lo profano<\/a><\/strong><\/p>\n\n\n\n<p class=\"indice-destacado has-background\" style=\"background-color:#ffffff\"><strong><a href=\"https:\/\/www.artsmusica.net\/cursos\/curso\/del-canto-gregoriano-a-bach-una-historia\/8-transicion-del-renacimiento-al-barroco-musical\/\">Lecci\u00f3n 8. Transici\u00f3n del Renacimiento al Barroco musical<\/a><\/strong><\/p>\n\n\n\n<p class=\"indice has-very-light-gray-background-color has-background\"><strong><a href=\"https:\/\/www.artsmusica.net\/cursos\/curso\/del-canto-gregoriano-a-bach-una-historia\/9-musica-de-camara-y-sacra-del-barroco-temprano\/\">Lecci\u00f3n 9. M\u00fasica de c\u00e1mara y sacra del Barroco temprano<\/a><\/strong><\/p>\n\n\n\n<p class=\"indice has-very-light-gray-background-color has-background\"><strong><a href=\"https:\/\/www.artsmusica.net\/cursos\/curso\/del-canto-gregoriano-a-bach-una-historia\/10-los-barrocos-nacionales\/\">Lecci\u00f3n 10. Los barrocos nacionales<\/a><\/strong><\/p>\n\n\n\n<p class=\"indice has-very-light-gray-background-color has-background\"><strong><a href=\"https:\/\/www.artsmusica.net\/cursos\/curso\/del-canto-gregoriano-a-bach-una-historia\/11-la-musica-del-barroco-tardio\/\">Lecci\u00f3n 11. La m\u00fasica del Barroco tard\u00edo.<\/a><\/strong><\/p>\n\n\n\n<p class=\"has-text-align-center indice has-very-light-gray-background-color has-background\"><strong><a href=\"https:\/\/www.artsmusica.net\/cursos\/curso\/del-canto-gregoriano-a-bach-una-historia\/evaluacion-final\/\">Evaluaci\u00f3n final<\/a><\/strong><\/p>\n\n\n\n<p class=\"has-text-align-center\"><strong><a href=\"https:\/\/www.artsmusica.net\/cursos\/apreciacion-musical\/del-canto-gregoriano-a-bach-una-historia\/\">Regresar a la p\u00e1gina principal del curso<\/a><\/strong><\/p>\n","protected":false},"featured_media":0,"parent":444,"menu_order":8,"template":"","meta":{"_genesis_hide_title":false,"_genesis_hide_breadcrumbs":false,"_genesis_hide_singular_image":false,"_genesis_hide_footer_widgets":false,"_genesis_custom_body_class":"","_genesis_custom_post_class":"","_genesis_layout":"","footnotes":""},"class_list":{"0":"post-464","1":"artsmusica_cursos","2":"type-artsmusica_cursos","3":"status-publish","5":"entry"},"featured_image_urls_v2":{"full":"","thumbnail":"","medium":"","medium_large":"","large":"","1536x1536":"","2048x2048":"","sidebar-featured":"","genesis-singular-images":"","gb-block-post-grid-landscape":"","gb-block-post-grid-square":""},"post_excerpt_stackable_v2":"<p>La transici\u00f3n del Renacimiento al Barroco estuvo enmarcada por una serie de acontecimientos pol\u00edticos. Se dieron importantes cambios en la monarqu\u00eda y las clases nobles motivados por los conflictos b\u00e9licos, gobiernos autoritarios o centralizados y la gran acumulaci\u00f3n de rentas. La imagen del monarca se convirti\u00f3 en el s\u00edmbolo de superioridad ante el cual el resto de los nobles ten\u00edan que responder como simples administradores. A esta nueva pol\u00edtica se le llam\u00f3 \u201cabsolutismo\u201d, todo el poder resid\u00eda ahora en el monarca. Paralelamente al surgimiento del absolutismo se fueron consolidando importantes avances cient\u00edficos. Por ejemplo, Kepler demostr\u00f3 en 1609 que los&hellip;<\/p>\n","category_list_v2":"","author_info_v2":{"name":"","url":""},"comments_num_v2":"0 comentarios","jetpack_sharing_enabled":true,"_links":{"self":[{"href":"https:\/\/www.artsmusica.net\/cursos\/wp-json\/wp\/v2\/artsmusica_cursos\/464","targetHints":{"allow":["GET"]}}],"collection":[{"href":"https:\/\/www.artsmusica.net\/cursos\/wp-json\/wp\/v2\/artsmusica_cursos"}],"about":[{"href":"https:\/\/www.artsmusica.net\/cursos\/wp-json\/wp\/v2\/types\/artsmusica_cursos"}],"version-history":[{"count":12,"href":"https:\/\/www.artsmusica.net\/cursos\/wp-json\/wp\/v2\/artsmusica_cursos\/464\/revisions"}],"predecessor-version":[{"id":21137,"href":"https:\/\/www.artsmusica.net\/cursos\/wp-json\/wp\/v2\/artsmusica_cursos\/464\/revisions\/21137"}],"up":[{"embeddable":true,"href":"https:\/\/www.artsmusica.net\/cursos\/wp-json\/wp\/v2\/artsmusica_cursos\/444"}],"wp:attachment":[{"href":"https:\/\/www.artsmusica.net\/cursos\/wp-json\/wp\/v2\/media?parent=464"}],"curies":[{"name":"wp","href":"https:\/\/api.w.org\/{rel}","templated":true}]}}