{"id":451,"date":"2019-05-26T10:33:14","date_gmt":"2019-05-26T10:33:14","guid":{"rendered":"https:\/\/www.artsmusica.net\/cursos\/?post_type=artsmusica_cursos&#038;p=451"},"modified":"2024-09-12T16:27:26","modified_gmt":"2024-09-12T14:27:26","slug":"2-los-origenes-del-canto-gregoriano","status":"publish","type":"artsmusica_cursos","link":"https:\/\/www.artsmusica.net\/cursos\/curso\/del-canto-gregoriano-a-bach-una-historia\/2-los-origenes-del-canto-gregoriano\/","title":{"rendered":"2. Los or\u00edgenes del canto gregoriano"},"content":{"rendered":"\n<div style=\"height:47px\" aria-hidden=\"true\" class=\"wp-block-spacer\" data-block-type=\"core\"><\/div>\n\n\n\n<p>El cristianismo fue m\u00e1s que un movimiento religioso durante la Edad Media. Penetr\u00f3 en todos los \u00e1mbitos de la vida cotidiana, desde la pol\u00edtica hasta el arte. <\/p>\n\n\n\n<p>El cristianismo comenz\u00f3 siendo un peque\u00f1o movimiento religioso dentro del Imperio romano, pero pronto se convirti\u00f3 en una amenaza para el Estado. Dioclesiano (244-311), quien fuera emperador romano, prohibi\u00f3 la nueva religi\u00f3n. <\/p>\n\n\n\n<p>Los cristianos cre\u00edan en la salvaci\u00f3n despu\u00e9s de la muerte y en el sentido de igualdad entre clases sociales. Lograron expandir estas ideas por todo Roma, desde las clases sociales m\u00e1s bajas hasta las clases m\u00e1s altas. M\u00e1s adelante, otro emperador romano, Constantino (272-337), en el a\u00f1o 313 emiti\u00f3 el Edicto de Mil\u00e1n por el que aprobaba la libertad de los cristianos. Despu\u00e9s, Teodosio (emperador 379-395), en el a\u00f1o 380, proclam\u00f3 al cristianismo religi\u00f3n oficial de Roma prohibiendo todas las dem\u00e1s.<\/p>\n\n\n\n<p>En esta lecci\u00f3n haremos un breve recorrido hist\u00f3rico de la m\u00fasica del cristianismo durante la Edad Media. Sin lugar a dudas, el llamado canto gregoriano fue el g\u00e9nero musical protagonista durante casi mil a\u00f1os. Empecemos la lecci\u00f3n.<\/p>\n\n\n<p data-block-type=\"core\"><div class=\"rcp_restricted rcp_paid_only\"><p><!-- wp:paragraph {\"backgroundColor\":\"very-light-gray\"} --><\/p>\n<p class=\"has-background has-very-light-gray-background-color\"><i class=\"fas fa-lock\"> <\/i> Este contenido est\u00e1 \u00fanicamente disponible para los suscriptores. Puedes <a href=\"#login\"> identificarte aqu\u00ed<\/a> , <a href=\"https:\/\/www.artsmusica.net\/cursos\/niveles-de-suscripcion\/\"> suscribirte<\/a> o <a href=\"https:\/\/www.artsmusica.net\/cursos\/registro\/\">actualizar tu nivel de suscripci\u00f3n<\/a>.<\/p>\n<p><!-- \/wp:paragraph --><\/p>\n<\/div><\/p>\n\n\n\n<div style=\"height:69px\" aria-hidden=\"true\" class=\"wp-block-spacer\" data-block-type=\"core\"><\/div>\n\n\n\n<h2 class=\"wp-block-heading has-text-align-center\" data-block-type=\"core\">Lecciones del curso<\/h2>\n\n\n\n<p class=\"indice has-very-light-gray-background-color has-background\"><strong><a href=\"https:\/\/www.artsmusica.net\/cursos\/del-canto-gregoriano-a-bach\/1-el-legado-musical-de-la-antigua-grecia\/\">Lecci\u00f3n 1. El legado musical de la Antigua Grecia<\/a><\/strong><\/p>\n\n\n\n<p class=\"indice-destacado has-background\" style=\"background-color:#ffffff\"><strong><a href=\"https:\/\/www.artsmusica.net\/cursos\/del-canto-gregoriano-a-bach\/2-los-origenes-del-canto-gregoriano\/\">Lecci\u00f3n 2. Los or\u00edgenes del canto gregoriano<\/a><\/strong><\/p>\n\n\n\n<p class=\"indice has-very-light-gray-background-color has-background\"><strong><a href=\"https:\/\/www.artsmusica.net\/cursos\/curso\/del-canto-gregoriano-a-bach-una-historia\/3-los-cantos-profanos\/\">Lecci\u00f3n 3. Los cantos profanos<\/a><\/strong><\/p>\n\n\n\n<p class=\"indice has-very-light-gray-background-color has-background\"><strong><a href=\"https:\/\/www.artsmusica.net\/cursos\/curso\/del-canto-gregoriano-a-bach-una-historia\/4-el-surgimiento-de-la-polifonia\/\">Lecci\u00f3n 4. El surgimiento de la polifon\u00eda<\/a><\/strong><\/p>\n\n\n\n<p class=\"indice has-very-light-gray-background-color has-background\"><strong><a href=\"https:\/\/www.artsmusica.net\/cursos\/curso\/del-canto-gregoriano-a-bach-una-historia\/5-la-llegada-del-humanismo\/\">Lecci\u00f3n 5. La llegada del Humanismo<\/a><\/strong><\/p>\n\n\n\n<p class=\"indice has-very-light-gray-background-color has-background\"><strong><a href=\"https:\/\/www.artsmusica.net\/cursos\/curso\/del-canto-gregoriano-a-bach-una-historia\/6-el-estilo-musical-del-siglo-xv\/\">Lecci\u00f3n 6. El estilo musical del siglo XV<\/a><\/strong><\/p>\n\n\n\n<p class=\"indice has-very-light-gray-background-color has-background\"><strong><a href=\"https:\/\/www.artsmusica.net\/cursos\/curso\/del-canto-gregoriano-a-bach-una-historia\/7-la-musica-del-siglo-xvi-de-lo-sacro-a-lo-profano\/\">Lecci\u00f3n 7. La m\u00fasica del siglo XVI: de lo sacro a lo profano<\/a><\/strong><\/p>\n\n\n\n<p class=\"indice has-very-light-gray-background-color has-background\"><strong><a href=\"https:\/\/www.artsmusica.net\/cursos\/curso\/del-canto-gregoriano-a-bach-una-historia\/8-transicion-del-renacimiento-al-barroco-musical\/\">Lecci\u00f3n 8. Transici\u00f3n del Renacimiento al Barroco musical<\/a><\/strong><\/p>\n\n\n\n<p class=\"indice has-very-light-gray-background-color has-background\"><strong><a href=\"https:\/\/www.artsmusica.net\/cursos\/curso\/del-canto-gregoriano-a-bach-una-historia\/9-musica-de-camara-y-sacra-del-barroco-temprano\/\">Lecci\u00f3n 9. M\u00fasica de c\u00e1mara y sacra del Barroco temprano<\/a><\/strong><\/p>\n\n\n\n<p class=\"indice has-very-light-gray-background-color has-background\"><strong><a href=\"https:\/\/www.artsmusica.net\/cursos\/curso\/del-canto-gregoriano-a-bach-una-historia\/10-los-barrocos-nacionales\/\">Lecci\u00f3n 10. Los barrocos nacionales<\/a><\/strong><\/p>\n\n\n\n<p class=\"indice has-very-light-gray-background-color has-background\"><strong><a href=\"https:\/\/www.artsmusica.net\/cursos\/curso\/del-canto-gregoriano-a-bach-una-historia\/11-la-musica-del-barroco-tardio\/\">Lecci\u00f3n 11. La m\u00fasica del Barroco tard\u00edo.<\/a><\/strong><\/p>\n\n\n\n<p class=\"has-text-align-center indice has-very-light-gray-background-color has-background\"><strong><a href=\"https:\/\/www.artsmusica.net\/cursos\/curso\/del-canto-gregoriano-a-bach-una-historia\/evaluacion-final\/\">Evaluaci\u00f3n final<\/a><\/strong><\/p>\n\n\n\n<p class=\"has-text-align-center\"><strong><a href=\"https:\/\/www.artsmusica.net\/cursos\/apreciacion-musical\/del-canto-gregoriano-a-bach-una-historia\/\">Regresar a la p\u00e1gina principal del curso<\/a><\/strong><\/p>\n","protected":false},"featured_media":0,"parent":444,"menu_order":2,"template":"","meta":{"_genesis_hide_title":false,"_genesis_hide_breadcrumbs":false,"_genesis_hide_singular_image":false,"_genesis_hide_footer_widgets":false,"_genesis_custom_body_class":"","_genesis_custom_post_class":"","_genesis_layout":"","footnotes":""},"class_list":{"0":"post-451","1":"artsmusica_cursos","2":"type-artsmusica_cursos","3":"status-publish","5":"entry"},"featured_image_urls_v2":{"full":"","thumbnail":"","medium":"","medium_large":"","large":"","1536x1536":"","2048x2048":"","sidebar-featured":"","genesis-singular-images":"","gb-block-post-grid-landscape":"","gb-block-post-grid-square":""},"post_excerpt_stackable_v2":"<p>El cristianismo fue m\u00e1s que un movimiento religioso durante la Edad Media. Penetr\u00f3 en todos los \u00e1mbitos de la vida cotidiana, desde la pol\u00edtica hasta el arte. El cristianismo comenz\u00f3 siendo un peque\u00f1o movimiento religioso dentro del Imperio romano, pero pronto se convirti\u00f3 en una amenaza para el Estado. Dioclesiano (244-311), quien fuera emperador romano, prohibi\u00f3 la nueva religi\u00f3n. Los cristianos cre\u00edan en la salvaci\u00f3n despu\u00e9s de la muerte y en el sentido de igualdad entre clases sociales. Lograron expandir estas ideas por todo Roma, desde las clases sociales m\u00e1s bajas hasta las clases m\u00e1s altas. M\u00e1s adelante, otro emperador&hellip;<\/p>\n","category_list_v2":"","author_info_v2":{"name":"","url":""},"comments_num_v2":"0 comentarios","jetpack_sharing_enabled":true,"_links":{"self":[{"href":"https:\/\/www.artsmusica.net\/cursos\/wp-json\/wp\/v2\/artsmusica_cursos\/451","targetHints":{"allow":["GET"]}}],"collection":[{"href":"https:\/\/www.artsmusica.net\/cursos\/wp-json\/wp\/v2\/artsmusica_cursos"}],"about":[{"href":"https:\/\/www.artsmusica.net\/cursos\/wp-json\/wp\/v2\/types\/artsmusica_cursos"}],"version-history":[{"count":14,"href":"https:\/\/www.artsmusica.net\/cursos\/wp-json\/wp\/v2\/artsmusica_cursos\/451\/revisions"}],"predecessor-version":[{"id":21130,"href":"https:\/\/www.artsmusica.net\/cursos\/wp-json\/wp\/v2\/artsmusica_cursos\/451\/revisions\/21130"}],"up":[{"embeddable":true,"href":"https:\/\/www.artsmusica.net\/cursos\/wp-json\/wp\/v2\/artsmusica_cursos\/444"}],"wp:attachment":[{"href":"https:\/\/www.artsmusica.net\/cursos\/wp-json\/wp\/v2\/media?parent=451"}],"curies":[{"name":"wp","href":"https:\/\/api.w.org\/{rel}","templated":true}]}}