{"id":448,"date":"2019-05-26T10:32:57","date_gmt":"2019-05-26T10:32:57","guid":{"rendered":"https:\/\/www.artsmusica.net\/cursos\/?post_type=artsmusica_cursos&#038;p=448"},"modified":"2024-09-12T16:26:01","modified_gmt":"2024-09-12T14:26:01","slug":"1-el-legado-musical-de-la-antigua-grecia","status":"publish","type":"artsmusica_cursos","link":"https:\/\/www.artsmusica.net\/cursos\/curso\/del-canto-gregoriano-a-bach-una-historia\/1-el-legado-musical-de-la-antigua-grecia\/","title":{"rendered":"1. El legado musical de la Antigua Grecia"},"content":{"rendered":"\n<div style=\"height:35px\" aria-hidden=\"true\" class=\"wp-block-spacer\" data-block-type=\"core\"><\/div>\n\n\n<div class=\"wp-block-image\">\n<figure class=\"aligncenter\" data-block-type=\"core\"><img data-recalc-dims=\"1\" loading=\"lazy\" decoding=\"async\" width=\"492\" height=\"240\" src=\"https:\/\/i0.wp.com\/www.artsmusica.net\/cursos\/wp-content\/uploads\/2019\/05\/musas.jpg?resize=492%2C240&#038;ssl=1\" alt=\"\" class=\"wp-image-90\" srcset=\"https:\/\/i0.wp.com\/www.artsmusica.net\/cursos\/wp-content\/uploads\/2019\/05\/musas.jpg?w=492&amp;ssl=1 492w, https:\/\/i0.wp.com\/www.artsmusica.net\/cursos\/wp-content\/uploads\/2019\/05\/musas.jpg?resize=300%2C146&amp;ssl=1 300w\" sizes=\"auto, (max-width: 492px) 100vw, 492px\" \/><figcaption class=\"wp-element-caption\">Representaci\u00f3n de las musas danzando (siglo XVI).<\/figcaption><\/figure>\n<\/div>\n\n\n<div style=\"height:20px\" aria-hidden=\"true\" class=\"wp-block-spacer\" data-block-type=\"core\"><\/div>\n\n\n\n<p>Por lo que sabemos, la m\u00fasica siempre ha estado presente en todos los grupos humanos, desde los m\u00e1s antiguos a los presentes. Existen restos arqueol\u00f3gicos como pinturas rupestres e instrumentos musicales que se remontan a la \u00e9poca m\u00e1s primitiva del hombre. <\/p>\n\n\n\n<p>En esta lecci\u00f3n estudiaremos precisamente, la m\u00fasica m\u00e1s antigua de la que tenemos noticia y nos centraremos en la m\u00fasica de los antiguos griegos. La teor\u00eda musical de la Antigua Grecia es el antecedente m\u00e1s remoto de nuestra cultura musical actual. Comencemos la lecci\u00f3n.<\/p>\n\n\n<p data-block-type=\"core\"><div class=\"rcp_restricted rcp_paid_only\"><p><!-- wp:paragraph {\"backgroundColor\":\"very-light-gray\"} --><\/p>\n<p class=\"has-background has-very-light-gray-background-color\"><i class=\"fas fa-lock\"> <\/i> Este contenido est\u00e1 \u00fanicamente disponible para los suscriptores. Puedes <a href=\"#login\"> identificarte aqu\u00ed<\/a> , <a href=\"https:\/\/www.artsmusica.net\/cursos\/niveles-de-suscripcion\/\"> suscribirte<\/a> o <a href=\"https:\/\/www.artsmusica.net\/cursos\/registro\/\">actualizar tu nivel de suscripci\u00f3n<\/a>.<\/p>\n<p><!-- \/wp:paragraph --><\/p>\n<\/div><\/p>\n\n\n\n<div style=\"height:75px\" aria-hidden=\"true\" class=\"wp-block-spacer\" data-block-type=\"core\"><\/div>\n\n\n\n<h2 class=\"wp-block-heading has-text-align-center\" data-block-type=\"core\">Lecciones del curso<\/h2>\n\n\n\n<p class=\"indice-destacado has-background\" style=\"background-color:#ffffff\"><strong><a href=\"https:\/\/www.artsmusica.net\/cursos\/del-canto-gregoriano-a-bach\/1-el-legado-musical-de-la-antigua-grecia\/\">Lecci\u00f3n 1. El legado musical de la Antigua Grecia<\/a><\/strong><\/p>\n\n\n\n<p class=\"indice has-very-light-gray-background-color has-background\"><strong><a href=\"https:\/\/www.artsmusica.net\/cursos\/del-canto-gregoriano-a-bach\/2-los-origenes-del-canto-gregoriano\/\">Lecci\u00f3n 2. Los or\u00edgenes del canto gregoriano<\/a><\/strong><\/p>\n\n\n\n<p class=\"indice has-very-light-gray-background-color has-background\"><strong><a href=\"https:\/\/www.artsmusica.net\/cursos\/curso\/del-canto-gregoriano-a-bach-una-historia\/3-los-cantos-profanos\/\">Lecci\u00f3n 3. Los cantos profanos<\/a><\/strong><\/p>\n\n\n\n<p class=\"indice has-very-light-gray-background-color has-background\"><strong><a href=\"https:\/\/www.artsmusica.net\/cursos\/curso\/del-canto-gregoriano-a-bach-una-historia\/4-el-surgimiento-de-la-polifonia\/\">Lecci\u00f3n 4. El surgimiento de la polifon\u00eda<\/a><\/strong><\/p>\n\n\n\n<p class=\"indice has-very-light-gray-background-color has-background\"><strong><a href=\"https:\/\/www.artsmusica.net\/cursos\/curso\/del-canto-gregoriano-a-bach-una-historia\/5-la-llegada-del-humanismo\/\">Lecci\u00f3n 5. La llegada del Humanismo<\/a><\/strong><\/p>\n\n\n\n<p class=\"indice has-very-light-gray-background-color has-background\"><strong><a href=\"https:\/\/www.artsmusica.net\/cursos\/curso\/del-canto-gregoriano-a-bach-una-historia\/6-el-estilo-musical-del-siglo-xv\/\">Lecci\u00f3n 6. El estilo musical del siglo XV<\/a><\/strong><\/p>\n\n\n\n<p class=\"indice has-very-light-gray-background-color has-background\"><strong><a href=\"https:\/\/www.artsmusica.net\/cursos\/curso\/del-canto-gregoriano-a-bach-una-historia\/7-la-musica-del-siglo-xvi-de-lo-sacro-a-lo-profano\/\">Lecci\u00f3n 7. La m\u00fasica del siglo XVI: de lo sacro a lo profano<\/a><\/strong><\/p>\n\n\n\n<p class=\"indice has-very-light-gray-background-color has-background\"><strong><a href=\"https:\/\/www.artsmusica.net\/cursos\/curso\/del-canto-gregoriano-a-bach-una-historia\/8-transicion-del-renacimiento-al-barroco-musical\/\">Lecci\u00f3n 8. Transici\u00f3n del Renacimiento al Barroco musical<\/a><\/strong><\/p>\n\n\n\n<p class=\"indice has-very-light-gray-background-color has-background\"><strong><a href=\"https:\/\/www.artsmusica.net\/cursos\/curso\/del-canto-gregoriano-a-bach-una-historia\/9-musica-de-camara-y-sacra-del-barroco-temprano\/\">Lecci\u00f3n 9. M\u00fasica de c\u00e1mara y sacra del Barroco temprano<\/a><\/strong><\/p>\n\n\n\n<p class=\"indice has-very-light-gray-background-color has-background\"><strong><a href=\"https:\/\/www.artsmusica.net\/cursos\/curso\/del-canto-gregoriano-a-bach-una-historia\/10-los-barrocos-nacionales\/\">Lecci\u00f3n 10. Los barrocos nacionales<\/a><\/strong><\/p>\n\n\n\n<p class=\"indice has-very-light-gray-background-color has-background\"><strong><a href=\"https:\/\/www.artsmusica.net\/cursos\/curso\/del-canto-gregoriano-a-bach-una-historia\/11-la-musica-del-barroco-tardio\/\">Lecci\u00f3n 11. La m\u00fasica del Barroco tard\u00edo.<\/a><\/strong><\/p>\n\n\n\n<p class=\"has-text-align-center indice has-very-light-gray-background-color has-background\"><strong><a href=\"https:\/\/www.artsmusica.net\/cursos\/curso\/del-canto-gregoriano-a-bach-una-historia\/evaluacion-final\/\">Evaluaci\u00f3n final<\/a><\/strong><\/p>\n\n\n\n<p class=\"has-text-align-center\"><strong><a href=\"https:\/\/www.artsmusica.net\/cursos\/apreciacion-musical\/del-canto-gregoriano-a-bach-una-historia\/\">Regresar a la p\u00e1gina principal del curso<\/a><\/strong><\/p>\n","protected":false},"featured_media":0,"parent":444,"menu_order":1,"template":"","meta":{"_genesis_hide_title":false,"_genesis_hide_breadcrumbs":false,"_genesis_hide_singular_image":false,"_genesis_hide_footer_widgets":false,"_genesis_custom_body_class":"","_genesis_custom_post_class":"","_genesis_layout":"","footnotes":""},"class_list":{"0":"post-448","1":"artsmusica_cursos","2":"type-artsmusica_cursos","3":"status-publish","5":"entry"},"featured_image_urls_v2":{"full":"","thumbnail":"","medium":"","medium_large":"","large":"","1536x1536":"","2048x2048":"","sidebar-featured":"","genesis-singular-images":"","gb-block-post-grid-landscape":"","gb-block-post-grid-square":""},"post_excerpt_stackable_v2":"<p>Representaci\u00f3n de las musas danzando (siglo XVI). Por lo que sabemos, la m\u00fasica siempre ha estado presente en todos los grupos humanos, desde los m\u00e1s antiguos a los presentes. Existen restos arqueol\u00f3gicos como pinturas rupestres e instrumentos musicales que se remontan a la \u00e9poca m\u00e1s primitiva del hombre. En esta lecci\u00f3n estudiaremos precisamente, la m\u00fasica m\u00e1s antigua de la que tenemos noticia y nos centraremos en la m\u00fasica de los antiguos griegos. La teor\u00eda musical de la Antigua Grecia es el antecedente m\u00e1s remoto de nuestra cultura musical actual. Comencemos la lecci\u00f3n. Este contenido est\u00e1 \u00fanicamente disponible para los suscriptores.&hellip;<\/p>\n","category_list_v2":"","author_info_v2":{"name":"","url":""},"comments_num_v2":"0 comentarios","jetpack_sharing_enabled":true,"_links":{"self":[{"href":"https:\/\/www.artsmusica.net\/cursos\/wp-json\/wp\/v2\/artsmusica_cursos\/448","targetHints":{"allow":["GET"]}}],"collection":[{"href":"https:\/\/www.artsmusica.net\/cursos\/wp-json\/wp\/v2\/artsmusica_cursos"}],"about":[{"href":"https:\/\/www.artsmusica.net\/cursos\/wp-json\/wp\/v2\/types\/artsmusica_cursos"}],"version-history":[{"count":18,"href":"https:\/\/www.artsmusica.net\/cursos\/wp-json\/wp\/v2\/artsmusica_cursos\/448\/revisions"}],"predecessor-version":[{"id":21128,"href":"https:\/\/www.artsmusica.net\/cursos\/wp-json\/wp\/v2\/artsmusica_cursos\/448\/revisions\/21128"}],"up":[{"embeddable":true,"href":"https:\/\/www.artsmusica.net\/cursos\/wp-json\/wp\/v2\/artsmusica_cursos\/444"}],"wp:attachment":[{"href":"https:\/\/www.artsmusica.net\/cursos\/wp-json\/wp\/v2\/media?parent=448"}],"curies":[{"name":"wp","href":"https:\/\/api.w.org\/{rel}","templated":true}]}}